{"id":9891,"date":"2023-04-14T20:00:20","date_gmt":"2023-04-14T18:00:20","guid":{"rendered":"https:\/\/hetgroeneveld.amsterdam\/?post_type=tribe_events&#038;p=9891"},"modified":"2024-03-29T12:50:15","modified_gmt":"2024-03-29T11:50:15","slug":"festival-sudarico","status":"publish","type":"tribe_events","link":"https:\/\/hetgroeneveld.amsterdam\/en\/event\/festival-sudarico\/","title":{"rendered":"Papaya Kuir&#8217;s Festival Sudarico"},"content":{"rendered":"<div data-elementor-type=\"wp-post\" data-elementor-id=\"9891\" class=\"elementor elementor-9891\" data-elementor-post-type=\"tribe_events\">\n\t\t\t\t\t\t<section class=\"elementor-section elementor-top-section elementor-element elementor-element-de04c7d elementor-section-boxed elementor-section-height-default elementor-section-height-default\" data-id=\"de04c7d\" data-element_type=\"section\" data-e-type=\"section\">\n\t\t\t\t\t\t<div class=\"elementor-container elementor-column-gap-default\">\n\t\t\t\t\t<div class=\"elementor-column elementor-col-100 elementor-top-column elementor-element elementor-element-1bce398\" data-id=\"1bce398\" data-element_type=\"column\" data-e-type=\"column\">\n\t\t\t<div class=\"elementor-widget-wrap elementor-element-populated\">\n\t\t\t\t\t\t<div class=\"elementor-element elementor-element-bb3edca elementor-widget elementor-widget-heading\" data-id=\"bb3edca\" data-element_type=\"widget\" data-e-type=\"widget\" data-widget_type=\"heading.default\">\n\t\t\t\t<div class=\"elementor-widget-container\">\n\t\t\t\t\t<h2 class=\"elementor-heading-title elementor-size-default\">Papaya Kuir's Festival Sudarico<\/h2>\t\t\t\t<\/div>\n\t\t\t\t<\/div>\n\t\t\t\t\t<\/div>\n\t\t<\/div>\n\t\t\t\t\t<\/div>\n\t\t<\/section>\n\t\t\t\t<section class=\"elementor-section elementor-top-section elementor-element elementor-element-65a43be elementor-section-boxed elementor-section-height-default elementor-section-height-default\" data-id=\"65a43be\" data-element_type=\"section\" data-e-type=\"section\">\n\t\t\t\t\t\t<div class=\"elementor-container elementor-column-gap-default\">\n\t\t\t\t\t<div class=\"elementor-column elementor-col-100 elementor-top-column elementor-element elementor-element-2f32c4f\" data-id=\"2f32c4f\" data-element_type=\"column\" data-e-type=\"column\">\n\t\t\t<div class=\"elementor-widget-wrap elementor-element-populated\">\n\t\t\t\t\t\t<div class=\"elementor-element elementor-element-1fcf517 elementor-widget elementor-widget-text-editor\" data-id=\"1fcf517\" data-element_type=\"widget\" data-e-type=\"widget\" data-widget_type=\"text-editor.default\">\n\t\t\t\t<div class=\"elementor-widget-container\">\n\t\t\t\t\t\t\t\t\t<h2><em><span lang=\"es-ES\">Arriba el ritmo, abajo las fronteras!<br \/><\/span><\/em><\/h2><h4 id=\"tw-target-text\" class=\"tw-data-text tw-text-large tw-ta\" dir=\"ltr\" data-placeholder=\"Vertaling\"><strong><a href=\"#espanol\"><span class=\"Y2IQFc\" lang=\"es\">Traducci\u00f3n en espa\u00f1ol<\/span><\/a><\/strong><\/h4><p><span lang=\"es-ES\"><strong>Date: Saturday May 6<\/strong><br \/><strong>Entrance: 25 euro<\/strong> <br \/><\/span><span lang=\"es-ES\"><strong>Time: from 19:00 till 04:00<br \/><br \/>There are still tickets for sale at the door!<\/strong><br \/><\/span><\/p><h4><strong>Welcome to Papaya Kuir\u2019s biggest party yet FESTIVAL SUDARICO, a night of sweet, sticky, sweaty collective pleasure!! We want to celebrate the queer and trans latinx community here in the Netherlands by bringing together a bad ass line-up:<\/strong><\/h4><p><strong>DJ SLIM SOLEDAD<\/strong> hailing from Brazil, <strong>DJ IVICORE<\/strong> bringing those venezolanx vibes, and <strong>DJ 20 U\u00d1AS<\/strong> repping Peru!!!<\/p><p>Opening the night will be a dance workshop to get everyone in the mood, and then some of the best live performances to spice up our night even further. Check our Insta and Facebook for more info on the artists.<\/p><p><strong><em><span lang=\"es-ES\">Arriba el ritmo, abajo las fronteras!<\/span><\/em><\/strong><\/p><p><strong><em><span lang=\"en-GB\">Blast the rhythm, blast the borders!<\/span><\/em><\/strong><\/p><p>As long as colonial borders are in place and the world economy is based on the exploitation of the global south, Papaya Kuir will continue to support refugees and immigrants coming to the Netherlands from \u201cLatin\u201d America. <\/p><h5><strong>All profits from SUDARICO will go to our continued support of trans and queer latinx migrants and refugees.<\/strong><\/h5><p>If you are a refugee and want to come to the party, we can help with travel costs and the entry ticket. We are also looking for volunteers! Write to us at <a href=\"mailto:papayakuir@gmail.com\">papayakuir ed gmail<\/a><\/p><p>Facebook <a href=\"https:\/\/www.facebook.com\/papayakuir\/\">Facebook Papaya Kuir<\/a><br \/>Instagram <a href=\"https:\/\/www.instagram.com\/papaya_kuir\/\">Instagram Papaya Kuir<\/a><\/p>\t\t\t\t\t\t\t\t<\/div>\n\t\t\t\t<\/div>\n\t\t\t\t<div class=\"elementor-element elementor-element-7d75458 elementor-widget elementor-widget-spacer\" data-id=\"7d75458\" data-element_type=\"widget\" data-e-type=\"widget\" data-widget_type=\"spacer.default\">\n\t\t\t\t<div class=\"elementor-widget-container\">\n\t\t\t\t\t\t\t<div class=\"elementor-spacer\">\n\t\t\t<div class=\"elementor-spacer-inner\"><\/div>\n\t\t<\/div>\n\t\t\t\t\t\t<\/div>\n\t\t\t\t<\/div>\n\t\t\t\t<div class=\"elementor-element elementor-element-86f22d5 elementor-widget elementor-widget-image\" data-id=\"86f22d5\" data-element_type=\"widget\" data-e-type=\"widget\" data-widget_type=\"image.default\">\n\t\t\t\t<div class=\"elementor-widget-container\">\n\t\t\t\t\t\t\t\t\t\t\t\t\t\t\t<img fetchpriority=\"high\" decoding=\"async\" width=\"500\" height=\"705\" src=\"https:\/\/hetgroeneveld.amsterdam\/wp-content\/uploads\/2023\/04\/papaya-kuir-festival-06-05-2023.webp\" class=\"attachment-medium_large size-medium_large wp-image-9892\" alt=\"Papaya Kuirs Festival Sudarico 6 mei 2023\" srcset=\"https:\/\/hetgroeneveld.amsterdam\/wp-content\/uploads\/2023\/04\/papaya-kuir-festival-06-05-2023.webp 500w, https:\/\/hetgroeneveld.amsterdam\/wp-content\/uploads\/2023\/04\/papaya-kuir-festival-06-05-2023-213x300.webp 213w, https:\/\/hetgroeneveld.amsterdam\/wp-content\/uploads\/2023\/04\/papaya-kuir-festival-06-05-2023-9x12.webp 9w\" sizes=\"(max-width: 500px) 100vw, 500px\" \/>\t\t\t\t\t\t\t\t\t\t\t\t\t\t\t<\/div>\n\t\t\t\t<\/div>\n\t\t\t\t<div class=\"elementor-element elementor-element-6ef860a elementor-widget elementor-widget-spacer\" data-id=\"6ef860a\" data-element_type=\"widget\" data-e-type=\"widget\" data-widget_type=\"spacer.default\">\n\t\t\t\t<div class=\"elementor-widget-container\">\n\t\t\t\t\t\t\t<div class=\"elementor-spacer\">\n\t\t\t<div class=\"elementor-spacer-inner\"><\/div>\n\t\t<\/div>\n\t\t\t\t\t\t<\/div>\n\t\t\t\t<\/div>\n\t\t\t\t\t<\/div>\n\t\t<\/div>\n\t\t\t\t\t<\/div>\n\t\t<\/section>\n\t\t\t\t<section class=\"elementor-section elementor-top-section elementor-element elementor-element-feaefa0 elementor-section-boxed elementor-section-height-default elementor-section-height-default\" data-id=\"feaefa0\" data-element_type=\"section\" data-e-type=\"section\">\n\t\t\t\t\t\t<div class=\"elementor-container elementor-column-gap-default\">\n\t\t\t\t\t<div class=\"elementor-column elementor-col-100 elementor-top-column elementor-element elementor-element-98a654c\" data-id=\"98a654c\" data-element_type=\"column\" data-e-type=\"column\">\n\t\t\t<div class=\"elementor-widget-wrap elementor-element-populated\">\n\t\t\t\t\t\t<div class=\"elementor-element elementor-element-5f1e366 elementor-widget elementor-widget-text-editor\" data-id=\"5f1e366\" data-element_type=\"widget\" data-e-type=\"widget\" data-widget_type=\"text-editor.default\">\n\t\t\t\t<div class=\"elementor-widget-container\">\n\t\t\t\t\t\t\t\t\t<h2><a name=\"espanol\"><\/a><br \/><strong>Papaya Kuir Festival Sudarico<\/strong><br \/>Arriba el ritmo, abajo las fronteras!<\/h2><p><strong>Fecha: s\u00e1bado 6 de mayo<\/strong><br \/><strong>Entrada: 25 euros<\/strong><br \/><strong>Hora: de 19:00 a 04:00<\/strong><\/p><h3><strong>\u00a1Bienvenides a la fiesta m\u00e1s grande de Papaya Kuir hasta ahora; el FESTIVAL SUDARICO, una noche de apapacho colectivo dulce, pegajoso y sudoroso! Queremos celebrar a la comunidad queer y trans latinx aqu\u00ed en los Pa\u00edses Bajos reuniendo una alineaci\u00f3n incred\u00edble<\/strong><\/h3><p><strong>DJ SLIM SOLEDAD<\/strong> proveniente de Brasil,<strong> DJ IVICORE<\/strong> trayendo esas vibras venezolanas, y <strong>DJ 20 U\u00d1AS<\/strong> representando al Per\u00fa!<\/p><p>La apertura de la noche ser\u00e1 con un taller de baile para animar a todxs, y luego algunas de las mejores actuaciones en vivo para calentar a\u00fan m\u00e1s nuestra <span style=\"font-family: Arial, sans-serif;\">noche. Consulta nuestro Insta y Facebook para obtener m\u00e1s informaci\u00f3n sobre los artistas. <\/span><\/p><p><em><strong>\u00a1Arriba el ritmo, abajo las fronteras!<\/strong> <\/em><\/p><p>Mientras existan las fronteras coloniales y la econom\u00eda mundial se base en la explotaci\u00f3n del sur global, Papaya Kuir continuar\u00e1 apoyando a los refugiados <span style=\"font-family: Arial, sans-serif;\">e inmigrantes que llegan a los Pa\u00edses Bajos desde \u201cLatinoam\u00e9rica\u201d.<\/span><\/p><h5><strong>Todas las ganancias de SUDARICO se destinar\u00e1n a nuestro continuo apoyo a los migrantes y refugiados trans y queer latinx.<\/strong><\/h5><p>Si eres refugiade y quieres venir a la fiesta, podemos ayudarte con los gastos de viaje y la entrada. Tambi\u00e9n buscamos a voluntarios! Escr\u00edbenos a <a href=\"mailto:papayakuir@gmail.com\">papayakuir ed gmail<\/a><\/p><p>Facebook <a href=\"https:\/\/www.facebook.com\/papayakuir\/\">Facebook Papaya Kuir<\/a><br \/>Instagram <a href=\"https:\/\/www.instagram.com\/papaya_kuir\/\">Instagram Papaya Kuir<\/a><\/p><p><strong>Online tickets are no longer available. There are still tickets for sale at the door.<\/strong><\/p>\t\t\t\t\t\t\t\t<\/div>\n\t\t\t\t<\/div>\n\t\t\t\t\t<\/div>\n\t\t<\/div>\n\t\t\t\t\t<\/div>\n\t\t<\/section>\n\t\t\t\t<\/div>","protected":false},"excerpt":{"rendered":"<p>Welcome to Papaya Kuir\u2019s biggest party yet FESTIVAL SUDARICO, a night of sweet, sticky, sweaty collective pleasure!! We want to celebrate the queer and trans latinx community here in the Netherlands by bringing together a bad ass line-up:<\/p>","protected":false},"author":2,"featured_media":9892,"template":"","meta":{"_price":"","_stock":"","_tribe_ticket_header":"","_tribe_default_ticket_provider":"Tribe__Tickets_Plus__Commerce__WooCommerce__Main","_ticket_start_date":"","_ticket_end_date":"","_tribe_ticket_show_description":"","_tribe_ticket_show_not_going":false,"_tribe_ticket_use_global_stock":"","_tribe_ticket_global_stock_level":"","_global_stock_mode":"","_global_stock_cap":"","_tribe_rsvp_for_event":"","_tribe_ticket_going_count":"","_tribe_ticket_not_going_count":"","_tribe_tickets_list":"[]","_tribe_ticket_has_attendee_info_fields":false,"_tribe_events_status":"","_tribe_events_status_reason":"","_tribe_events_is_hybrid":"","_tribe_events_is_virtual":"","_tribe_events_virtual_video_source":"","_tribe_events_virtual_embed_video":"","_tribe_events_virtual_linked_button_text":"","_tribe_events_virtual_linked_button":"","_tribe_events_virtual_show_embed_at":"","_tribe_events_virtual_show_embed_to":[],"_tribe_events_virtual_show_on_event":"","_tribe_events_virtual_show_on_views":"","_tribe_events_virtual_url":"","footnotes":"","_tec_slr_enabled":"","_tec_slr_layout":""},"tags":[29],"tribe_events_cat":[47],"class_list":["post-9891","tribe_events","type-tribe_events","status-publish","has-post-thumbnail","hentry","tag-homepage-item","tribe_events_cat-agenda-event","cat_agenda-event"],"yoast_head":"<!-- This site is optimized with the Yoast SEO plugin v27.4 - https:\/\/yoast.com\/product\/yoast-seo-wordpress\/ -->\n<title>Papaya Kuir&#039;s Festival Sudarico - Het Groene Veld Amsterdam<\/title>\n<meta name=\"description\" content=\"Welkom op Papaya Kuir&#039;s grootste feest tot nu toe FESTIVAL SUDARICO, een nacht van zoet, plakkerig, zweterig collectief plezier!\" \/>\n<meta name=\"robots\" content=\"index, follow, max-snippet:-1, max-image-preview:large, max-video-preview:-1\" \/>\n<link rel=\"canonical\" href=\"https:\/\/hetgroeneveld.amsterdam\/en\/event\/festival-sudarico\/\" \/>\n<meta property=\"og:locale\" content=\"en_GB\" \/>\n<meta property=\"og:type\" content=\"article\" \/>\n<meta property=\"og:title\" content=\"Papaya Kuir&#039;s Festival Sudarico - Het Groene Veld Amsterdam\" \/>\n<meta property=\"og:description\" content=\"Welkom op Papaya Kuir&#039;s grootste feest tot nu toe FESTIVAL SUDARICO, een nacht van zoet, plakkerig, zweterig collectief plezier!\" \/>\n<meta property=\"og:url\" content=\"https:\/\/hetgroeneveld.amsterdam\/en\/event\/festival-sudarico\/\" \/>\n<meta property=\"og:site_name\" content=\"Het Groene Veld Amsterdam\" \/>\n<meta property=\"article:publisher\" content=\"https:\/\/www.facebook.com\/HetGroeneVeld\/\" \/>\n<meta property=\"article:modified_time\" content=\"2024-03-29T11:50:15+00:00\" \/>\n<meta property=\"og:image\" content=\"https:\/\/hetgroeneveld.amsterdam\/wp-content\/uploads\/2023\/04\/papaya-kuir-festival-06-05-2023.webp\" \/>\n\t<meta property=\"og:image:width\" content=\"500\" \/>\n\t<meta property=\"og:image:height\" content=\"705\" \/>\n\t<meta property=\"og:image:type\" content=\"image\/webp\" \/>\n<meta name=\"twitter:card\" content=\"summary_large_image\" \/>\n<meta name=\"twitter:label1\" content=\"Estimated reading time\" \/>\n\t<meta name=\"twitter:data1\" content=\"3 minutes\" \/>\n<script type=\"application\/ld+json\" class=\"yoast-schema-graph\">{\"@context\":\"https:\\\/\\\/schema.org\",\"@graph\":[{\"@type\":\"WebPage\",\"@id\":\"https:\\\/\\\/hetgroeneveld.amsterdam\\\/event\\\/festival-sudarico\\\/\",\"url\":\"https:\\\/\\\/hetgroeneveld.amsterdam\\\/event\\\/festival-sudarico\\\/\",\"name\":\"Papaya Kuir's Festival Sudarico - Het Groene Veld Amsterdam\",\"isPartOf\":{\"@id\":\"https:\\\/\\\/hetgroeneveld.amsterdam\\\/#website\"},\"primaryImageOfPage\":{\"@id\":\"https:\\\/\\\/hetgroeneveld.amsterdam\\\/event\\\/festival-sudarico\\\/#primaryimage\"},\"image\":{\"@id\":\"https:\\\/\\\/hetgroeneveld.amsterdam\\\/event\\\/festival-sudarico\\\/#primaryimage\"},\"thumbnailUrl\":\"https:\\\/\\\/hetgroeneveld.amsterdam\\\/wp-content\\\/uploads\\\/2023\\\/04\\\/papaya-kuir-festival-06-05-2023.webp\",\"datePublished\":\"2023-04-14T18:00:20+00:00\",\"dateModified\":\"2024-03-29T11:50:15+00:00\",\"description\":\"Welkom op Papaya Kuir's grootste feest tot nu toe FESTIVAL SUDARICO, een nacht van zoet, plakkerig, zweterig collectief plezier!\",\"breadcrumb\":{\"@id\":\"https:\\\/\\\/hetgroeneveld.amsterdam\\\/event\\\/festival-sudarico\\\/#breadcrumb\"},\"inLanguage\":\"en-GB\",\"potentialAction\":[{\"@type\":\"ReadAction\",\"target\":[\"https:\\\/\\\/hetgroeneveld.amsterdam\\\/event\\\/festival-sudarico\\\/\"]}]},{\"@type\":\"ImageObject\",\"inLanguage\":\"en-GB\",\"@id\":\"https:\\\/\\\/hetgroeneveld.amsterdam\\\/event\\\/festival-sudarico\\\/#primaryimage\",\"url\":\"https:\\\/\\\/hetgroeneveld.amsterdam\\\/wp-content\\\/uploads\\\/2023\\\/04\\\/papaya-kuir-festival-06-05-2023.webp\",\"contentUrl\":\"https:\\\/\\\/hetgroeneveld.amsterdam\\\/wp-content\\\/uploads\\\/2023\\\/04\\\/papaya-kuir-festival-06-05-2023.webp\",\"width\":500,\"height\":705,\"caption\":\"Papaya Kuirs Festival Sudarico 6 mei 2023 op Het Groene VEld\"},{\"@type\":\"BreadcrumbList\",\"@id\":\"https:\\\/\\\/hetgroeneveld.amsterdam\\\/event\\\/festival-sudarico\\\/#breadcrumb\",\"itemListElement\":[{\"@type\":\"ListItem\",\"position\":1,\"name\":\"Home\",\"item\":\"https:\\\/\\\/hetgroeneveld.amsterdam\\\/\"},{\"@type\":\"ListItem\",\"position\":2,\"name\":\"Evenementen\",\"item\":\"https:\\\/\\\/hetgroeneveld.amsterdam\\\/events\\\/\"},{\"@type\":\"ListItem\",\"position\":3,\"name\":\"Papaya Kuir&#8217;s Festival Sudarico\"}]},{\"@type\":\"WebSite\",\"@id\":\"https:\\\/\\\/hetgroeneveld.amsterdam\\\/#website\",\"url\":\"https:\\\/\\\/hetgroeneveld.amsterdam\\\/\",\"name\":\"Het Groene Veld Amsterdam\",\"description\":\"Sociale en culturele zone in Amsterdam Noord!\",\"publisher\":{\"@id\":\"https:\\\/\\\/hetgroeneveld.amsterdam\\\/#organization\"},\"potentialAction\":[{\"@type\":\"SearchAction\",\"target\":{\"@type\":\"EntryPoint\",\"urlTemplate\":\"https:\\\/\\\/hetgroeneveld.amsterdam\\\/?s={search_term_string}\"},\"query-input\":{\"@type\":\"PropertyValueSpecification\",\"valueRequired\":true,\"valueName\":\"search_term_string\"}}],\"inLanguage\":\"en-GB\"},{\"@type\":\"Organization\",\"@id\":\"https:\\\/\\\/hetgroeneveld.amsterdam\\\/#organization\",\"name\":\"Het Groene Veld\",\"url\":\"https:\\\/\\\/hetgroeneveld.amsterdam\\\/\",\"logo\":{\"@type\":\"ImageObject\",\"inLanguage\":\"en-GB\",\"@id\":\"https:\\\/\\\/hetgroeneveld.amsterdam\\\/#\\\/schema\\\/logo\\\/image\\\/\",\"url\":\"https:\\\/\\\/hetgroeneveld.amsterdam\\\/wp-content\\\/uploads\\\/2022\\\/07\\\/logo_het_groene_veld.png\",\"contentUrl\":\"https:\\\/\\\/hetgroeneveld.amsterdam\\\/wp-content\\\/uploads\\\/2022\\\/07\\\/logo_het_groene_veld.png\",\"width\":170,\"height\":200,\"caption\":\"Het Groene Veld\"},\"image\":{\"@id\":\"https:\\\/\\\/hetgroeneveld.amsterdam\\\/#\\\/schema\\\/logo\\\/image\\\/\"},\"sameAs\":[\"https:\\\/\\\/www.facebook.com\\\/HetGroeneVeld\\\/\",\"https:\\\/\\\/www.instagram.com\\\/hetgroeneveld\\\/\"]}]}<\/script>\n<!-- \/ Yoast SEO plugin. -->","yoast_head_json":{"title":"Papaya Kuir's Festival Sudarico - Het Groene Veld Amsterdam","description":"Welkom op Papaya Kuir's grootste feest tot nu toe FESTIVAL SUDARICO, een nacht van zoet, plakkerig, zweterig collectief plezier!","robots":{"index":"index","follow":"follow","max-snippet":"max-snippet:-1","max-image-preview":"max-image-preview:large","max-video-preview":"max-video-preview:-1"},"canonical":"https:\/\/hetgroeneveld.amsterdam\/en\/event\/festival-sudarico\/","og_locale":"en_GB","og_type":"article","og_title":"Papaya Kuir's Festival Sudarico - Het Groene Veld Amsterdam","og_description":"Welkom op Papaya Kuir's grootste feest tot nu toe FESTIVAL SUDARICO, een nacht van zoet, plakkerig, zweterig collectief plezier!","og_url":"https:\/\/hetgroeneveld.amsterdam\/en\/event\/festival-sudarico\/","og_site_name":"Het Groene Veld Amsterdam","article_publisher":"https:\/\/www.facebook.com\/HetGroeneVeld\/","article_modified_time":"2024-03-29T11:50:15+00:00","og_image":[{"width":500,"height":705,"url":"https:\/\/hetgroeneveld.amsterdam\/wp-content\/uploads\/2023\/04\/papaya-kuir-festival-06-05-2023.webp","type":"image\/webp"}],"twitter_card":"summary_large_image","twitter_misc":{"Estimated reading time":"3 minutes"},"schema":{"@context":"https:\/\/schema.org","@graph":[{"@type":"WebPage","@id":"https:\/\/hetgroeneveld.amsterdam\/event\/festival-sudarico\/","url":"https:\/\/hetgroeneveld.amsterdam\/event\/festival-sudarico\/","name":"Papaya Kuir's Festival Sudarico - Het Groene Veld Amsterdam","isPartOf":{"@id":"https:\/\/hetgroeneveld.amsterdam\/#website"},"primaryImageOfPage":{"@id":"https:\/\/hetgroeneveld.amsterdam\/event\/festival-sudarico\/#primaryimage"},"image":{"@id":"https:\/\/hetgroeneveld.amsterdam\/event\/festival-sudarico\/#primaryimage"},"thumbnailUrl":"https:\/\/hetgroeneveld.amsterdam\/wp-content\/uploads\/2023\/04\/papaya-kuir-festival-06-05-2023.webp","datePublished":"2023-04-14T18:00:20+00:00","dateModified":"2024-03-29T11:50:15+00:00","description":"Welkom op Papaya Kuir's grootste feest tot nu toe FESTIVAL SUDARICO, een nacht van zoet, plakkerig, zweterig collectief plezier!","breadcrumb":{"@id":"https:\/\/hetgroeneveld.amsterdam\/event\/festival-sudarico\/#breadcrumb"},"inLanguage":"en-GB","potentialAction":[{"@type":"ReadAction","target":["https:\/\/hetgroeneveld.amsterdam\/event\/festival-sudarico\/"]}]},{"@type":"ImageObject","inLanguage":"en-GB","@id":"https:\/\/hetgroeneveld.amsterdam\/event\/festival-sudarico\/#primaryimage","url":"https:\/\/hetgroeneveld.amsterdam\/wp-content\/uploads\/2023\/04\/papaya-kuir-festival-06-05-2023.webp","contentUrl":"https:\/\/hetgroeneveld.amsterdam\/wp-content\/uploads\/2023\/04\/papaya-kuir-festival-06-05-2023.webp","width":500,"height":705,"caption":"Papaya Kuirs Festival Sudarico 6 mei 2023 op Het Groene VEld"},{"@type":"BreadcrumbList","@id":"https:\/\/hetgroeneveld.amsterdam\/event\/festival-sudarico\/#breadcrumb","itemListElement":[{"@type":"ListItem","position":1,"name":"Home","item":"https:\/\/hetgroeneveld.amsterdam\/"},{"@type":"ListItem","position":2,"name":"Evenementen","item":"https:\/\/hetgroeneveld.amsterdam\/events\/"},{"@type":"ListItem","position":3,"name":"Papaya Kuir&#8217;s Festival Sudarico"}]},{"@type":"WebSite","@id":"https:\/\/hetgroeneveld.amsterdam\/#website","url":"https:\/\/hetgroeneveld.amsterdam\/","name":"Het Groene Veld Amsterdam","description":"Sociale en culturele zone in Amsterdam Noord!","publisher":{"@id":"https:\/\/hetgroeneveld.amsterdam\/#organization"},"potentialAction":[{"@type":"SearchAction","target":{"@type":"EntryPoint","urlTemplate":"https:\/\/hetgroeneveld.amsterdam\/?s={search_term_string}"},"query-input":{"@type":"PropertyValueSpecification","valueRequired":true,"valueName":"search_term_string"}}],"inLanguage":"en-GB"},{"@type":"Organization","@id":"https:\/\/hetgroeneveld.amsterdam\/#organization","name":"Het Groene Veld","url":"https:\/\/hetgroeneveld.amsterdam\/","logo":{"@type":"ImageObject","inLanguage":"en-GB","@id":"https:\/\/hetgroeneveld.amsterdam\/#\/schema\/logo\/image\/","url":"https:\/\/hetgroeneveld.amsterdam\/wp-content\/uploads\/2022\/07\/logo_het_groene_veld.png","contentUrl":"https:\/\/hetgroeneveld.amsterdam\/wp-content\/uploads\/2022\/07\/logo_het_groene_veld.png","width":170,"height":200,"caption":"Het Groene Veld"},"image":{"@id":"https:\/\/hetgroeneveld.amsterdam\/#\/schema\/logo\/image\/"},"sameAs":["https:\/\/www.facebook.com\/HetGroeneVeld\/","https:\/\/www.instagram.com\/hetgroeneveld\/"]}]}},"ticketed":false,"_links":{"self":[{"href":"https:\/\/hetgroeneveld.amsterdam\/en\/wp-json\/wp\/v2\/tribe_events\/9891","targetHints":{"allow":["GET"]}}],"collection":[{"href":"https:\/\/hetgroeneveld.amsterdam\/en\/wp-json\/wp\/v2\/tribe_events"}],"about":[{"href":"https:\/\/hetgroeneveld.amsterdam\/en\/wp-json\/wp\/v2\/types\/tribe_events"}],"author":[{"embeddable":true,"href":"https:\/\/hetgroeneveld.amsterdam\/en\/wp-json\/wp\/v2\/users\/2"}],"version-history":[{"count":0,"href":"https:\/\/hetgroeneveld.amsterdam\/en\/wp-json\/wp\/v2\/tribe_events\/9891\/revisions"}],"wp:featuredmedia":[{"embeddable":true,"href":"https:\/\/hetgroeneveld.amsterdam\/en\/wp-json\/wp\/v2\/media\/9892"}],"wp:attachment":[{"href":"https:\/\/hetgroeneveld.amsterdam\/en\/wp-json\/wp\/v2\/media?parent=9891"}],"wp:term":[{"taxonomy":"post_tag","embeddable":true,"href":"https:\/\/hetgroeneveld.amsterdam\/en\/wp-json\/wp\/v2\/tags?post=9891"},{"taxonomy":"tribe_events_cat","embeddable":true,"href":"https:\/\/hetgroeneveld.amsterdam\/en\/wp-json\/wp\/v2\/tribe_events_cat?post=9891"}],"curies":[{"name":"wp","href":"https:\/\/api.w.org\/{rel}","templated":true}]}}